{"id":405,"date":"2017-02-25T10:49:46","date_gmt":"2017-02-25T10:49:46","guid":{"rendered":"https:\/\/eventosmusixpand.wordpress.com\/?page_id=3"},"modified":"2019-10-10T14:38:29","modified_gmt":"2019-10-10T12:38:29","slug":"acerca-de","status":"publish","type":"page","link":"https:\/\/blog.musixpand.org\/?page_id=405","title":{"rendered":"\u00bfQu\u00e9 es MusiXpand?"},"content":{"rendered":"\t\t<div data-elementor-type=\"wp-page\" data-elementor-id=\"405\" class=\"elementor elementor-405\">\n\t\t\t\t\t\t<section class=\"elementor-section elementor-top-section elementor-element elementor-element-889291b elementor-section-boxed elementor-section-height-default elementor-section-height-default\" data-id=\"889291b\" data-element_type=\"section\">\n\t\t\t\t\t\t<div class=\"elementor-container elementor-column-gap-default\">\n\t\t\t\t\t<div class=\"elementor-column elementor-col-50 elementor-top-column elementor-element elementor-element-2349860\" data-id=\"2349860\" data-element_type=\"column\">\n\t\t\t<div class=\"elementor-widget-wrap elementor-element-populated\">\n\t\t\t\t\t\t<div class=\"elementor-element elementor-element-3cd1e69 elementor-invisible elementor-widget elementor-widget-text-editor\" data-id=\"3cd1e69\" data-element_type=\"widget\" data-settings=\"{&quot;_animation&quot;:&quot;fadeInLeft&quot;}\" data-widget_type=\"text-editor.default\">\n\t\t\t\t<div class=\"elementor-widget-container\">\n\t\t\t\t\t\t\t\t\t<h4>MusiXpand, organizaci\u00f3n si fines de lucro<\/h4><p style=\"text-align: justify;\">MusiXpand ha sido creada en 2014 por cuatro m\u00fasicos y cantante: <strong>Julia Iglesias<\/strong> (cantante, percusionista), <strong>Ingrid Kuschick<\/strong> (cantante, percusionista, guitarrista), <strong>Julen Bego\u00f1a<\/strong> (albokari y l\u00edder de grupos musicales), y <strong>Rapha\u00ebl Parejo-Coudert<\/strong> (etnomusic\u00f3logo, m\u00fasico multinstrumentista, cantante y cantautor). Aunque basada en Bizkaia (Comunidad Aut\u00f3noma Vasca, Espa\u00f1a) MusiXpand funciona internacionalmente. Sus prop\u00f3sitos giran en torno a ayudar m\u00fasicos y cantantes, de todos g\u00e9neros musicales, a producirse en conciertos, hacer conocer y promover su trabajo.<\/p><p style=\"text-align: justify;\">Para ello la asociaci\u00f3n puso en marcha diversas acciones y actividades, que precisamos a continuaci\u00f3n de forma no exhaustiva. La asociaci\u00f3n pone en contacto m\u00fasicos y cantantes (tanto int\u00e9rpretes como autores y compositores) con entidades diversas susceptibles de recibir y de promover su espect\u00e1culo, con otros m\u00fasicos o autores y compositores con fines de promover la creaci\u00f3n musical.<\/p>\t\t\t\t\t\t\t\t<\/div>\n\t\t\t\t<\/div>\n\t\t\t\t\t<\/div>\n\t\t<\/div>\n\t\t\t\t<div class=\"elementor-column elementor-col-50 elementor-top-column elementor-element elementor-element-50857bf\" data-id=\"50857bf\" data-element_type=\"column\">\n\t\t\t<div class=\"elementor-widget-wrap elementor-element-populated\">\n\t\t\t\t\t\t<div class=\"elementor-element elementor-element-84499fd elementor-invisible elementor-widget elementor-widget-text-editor\" data-id=\"84499fd\" data-element_type=\"widget\" data-settings=\"{&quot;_animation&quot;:&quot;fadeInRight&quot;}\" data-widget_type=\"text-editor.default\">\n\t\t\t\t<div class=\"elementor-widget-container\">\n\t\t\t\t\t\t\t\t\t<h4 style=\"text-align: justify;\"><strong>Los cuatro miembros fundadores son dos mujeres y dos hombres, todos son m\u00fasico(a)s:<\/strong><\/h4><ul><li><strong>Julia Iglesias<\/strong>, m\u00fasica y cantante, nuestra tesorera, vive en Berango.<\/li><li><strong>Ingrid Kuschick<\/strong>, antrop\u00f3loga y cantante, actual secretaria, reside en Berango.<\/li><li><strong>Julen Bego\u00f1a Garaizar<\/strong>, m\u00fasico albokari, actual vocal de MusiXpand, vive en Berango.<\/li><li><strong>Rapha\u00ebl Parejo-Coudert<\/strong>, etnomusic\u00f3logo y m\u00fasico (presidente), reside en Berango.<\/li><\/ul><p style=\"text-align: center;\"><img fetchpriority=\"high\" decoding=\"async\" class=\"alignnone wp-image-509\" src=\"https:\/\/blog.musixpand.org\/wp-content\/uploads\/2017\/03\/MusiXpand_Miembros-fundadores_imagen-destacada-300x78.png\" alt=\"\" width=\"955\" height=\"248\" srcset=\"https:\/\/blog.musixpand.org\/wp-content\/uploads\/2017\/03\/MusiXpand_Miembros-fundadores_imagen-destacada-300x78.png 300w, https:\/\/blog.musixpand.org\/wp-content\/uploads\/2017\/03\/MusiXpand_Miembros-fundadores_imagen-destacada-768x200.png 768w, https:\/\/blog.musixpand.org\/wp-content\/uploads\/2017\/03\/MusiXpand_Miembros-fundadores_imagen-destacada-1024x267.png 1024w, https:\/\/blog.musixpand.org\/wp-content\/uploads\/2017\/03\/MusiXpand_Miembros-fundadores_imagen-destacada-449x117.png 449w, https:\/\/blog.musixpand.org\/wp-content\/uploads\/2017\/03\/MusiXpand_Miembros-fundadores_imagen-destacada-1320x344.png 1320w, https:\/\/blog.musixpand.org\/wp-content\/uploads\/2017\/03\/MusiXpand_Miembros-fundadores_imagen-destacada.png 1919w\" sizes=\"(max-width: 955px) 100vw, 955px\" \/><\/p><h4>\u00a0<\/h4>\t\t\t\t\t\t\t\t<\/div>\n\t\t\t\t<\/div>\n\t\t\t\t\t<\/div>\n\t\t<\/div>\n\t\t\t\t\t<\/div>\n\t\t<\/section>\n\t\t\t\t<section class=\"elementor-section elementor-top-section elementor-element elementor-element-e2bb0ce elementor-section-boxed elementor-section-height-default elementor-section-height-default\" data-id=\"e2bb0ce\" data-element_type=\"section\">\n\t\t\t\t\t\t<div class=\"elementor-container elementor-column-gap-default\">\n\t\t\t\t\t<div class=\"elementor-column elementor-col-33 elementor-top-column elementor-element elementor-element-76228b8\" data-id=\"76228b8\" data-element_type=\"column\">\n\t\t\t<div class=\"elementor-widget-wrap\">\n\t\t\t\t\t\t\t<\/div>\n\t\t<\/div>\n\t\t\t\t<div class=\"elementor-column elementor-col-33 elementor-top-column elementor-element elementor-element-218e336\" data-id=\"218e336\" data-element_type=\"column\">\n\t\t\t<div class=\"elementor-widget-wrap elementor-element-populated\">\n\t\t\t\t\t\t<div class=\"elementor-element elementor-element-23dbf4e elementor-widget elementor-widget-text-editor\" data-id=\"23dbf4e\" data-element_type=\"widget\" data-widget_type=\"text-editor.default\">\n\t\t\t\t<div class=\"elementor-widget-container\">\n\t\t\t\t\t\t\t\t\t<h3 style=\"text-align: center;\">Acciones de formaci\u00f3n art\u00edstica y t\u00e9cnica<\/h3><p>Los fundadores de MusiXpand, todos m\u00fasicos o cantantes, son conscientes de la necesidad para los artistas de complementar sus saberes y potenciar quehaceres, sean musicales, legales, o t\u00e9cnicos, y ampliar sus competencias esc\u00e9nicas. Por ello propone ciclos y seminarios de formaci\u00f3n animados por especialistas. Estas formaciones no son sistem\u00e1ticas y regulares. La asociaci\u00f3n propone cada a\u00f1o una serie de unas tres o cuatro formaciones distintas. Otras m\u00e1s espec\u00edficas se preparan cuando hay pedido de un n\u00famero suficientes de m\u00fasicos\/cantantes interesados.<\/p><h4>Detalles de las formaciones<\/h4><p><u>Entre las formaciones propuestas figuran:<\/u><\/p><ul><li><strong>Formaciones ling\u00fc\u00edsticas especializadas<\/strong> para poder cantar y expresarse en el escenario o en estudio en otros idiomas que el idioma maternal de los artistas, con el prop\u00f3sito de permitirles proponer una oferta m\u00e1s amplia y por lo tanto aumentar sus posibilidades de actuar.<\/li><li><strong>El perfeccionamiento de la t\u00e9cnica instrumental y\/o del canto<\/strong>, con m\u00fasicos de alto nivel, privilegiando otra vez la calidad de la relaci\u00f3n interpersonal entre \u201calumnos\u201d y \u201cdocentes\u201d.<\/li><li><strong>Talleres musicales colectivos<\/strong>, que permiten descubrir otros instrumentos, otros estilos musicales, como de practicar la improvisaci\u00f3n y la composici\u00f3n.<\/li><li><strong>Formaci\u00f3n t\u00e9cnica en audio y audiovisual<\/strong>, como la utilizaci\u00f3n \u00f3ptima de los micr\u00f3fonos tanto en el escenario como en estudio, el conocimiento de las buenas pr\u00e1cticas esc\u00e9nicas como la utilizaci\u00f3n correcta de los equipos de sonorizaci\u00f3n y de luz, formaciones a la inform\u00e1tica musical (MAO), tanto en el plano de la producci\u00f3n audio (grabaci\u00f3n, mezcla, optimizaci\u00f3n del sonido, montaje de maquetas de discos) y audiovisual (por ejemplo clips videos promocionales), como en marco de la composici\u00f3n musical asistida por ordenador, etc\u00e9tera.<\/li><li><strong>Formaci\u00f3n para cantautores<\/strong> sobre come escribir letras y m\u00fasica.<\/li><li>Formaci\u00f3n espec\u00edfica sobre la <strong>creaci\u00f3n de un repertorio coherente<\/strong>, la <strong>creaci\u00f3n de eventos y su promoci\u00f3n<\/strong>, en particular espect\u00e1culos, la <strong>escritura de guiones<\/strong> adaptados a la m\u00fasica y a la canci\u00f3n en escenario.<\/li><li><strong>Formaci\u00f3n jur\u00eddica<\/strong>, en especial la gesti\u00f3n de los contratos, el seguro social, el r\u00e9gimen fiscal, pero tambi\u00e9n la ampliaci\u00f3n de conocimientos en cuanto a la legislaci\u00f3n que rige los derechos de autor y derechos anexos y derivados, entre los cuales los del int\u00e9rprete.<\/li><\/ul><p>Para m\u00e1s informaci\u00f3n o hacer sugestiones, pueden <a href=\"mailto:workshops@musixpand.org\">mandar un mensaje<\/a> a los responsables de las formaciones.<\/p>\t\t\t\t\t\t\t\t<\/div>\n\t\t\t\t<\/div>\n\t\t\t\t\t<\/div>\n\t\t<\/div>\n\t\t\t\t<div class=\"elementor-column elementor-col-33 elementor-top-column elementor-element elementor-element-7746a84\" data-id=\"7746a84\" data-element_type=\"column\">\n\t\t\t<div class=\"elementor-widget-wrap\">\n\t\t\t\t\t\t\t<\/div>\n\t\t<\/div>\n\t\t\t\t\t<\/div>\n\t\t<\/section>\n\t\t\t\t<section class=\"elementor-section elementor-top-section elementor-element elementor-element-c2dca4e elementor-section-boxed elementor-section-height-default elementor-section-height-default\" data-id=\"c2dca4e\" data-element_type=\"section\">\n\t\t\t\t\t\t<div class=\"elementor-container elementor-column-gap-default\">\n\t\t\t\t\t<div class=\"elementor-column elementor-col-50 elementor-top-column elementor-element elementor-element-b7abd19\" data-id=\"b7abd19\" data-element_type=\"column\">\n\t\t\t<div class=\"elementor-widget-wrap elementor-element-populated\">\n\t\t\t\t\t\t<div class=\"elementor-element elementor-element-c8aff70 elementor-invisible elementor-widget elementor-widget-text-editor\" data-id=\"c8aff70\" data-element_type=\"widget\" data-settings=\"{&quot;_animation&quot;:&quot;fadeInUp&quot;}\" data-widget_type=\"text-editor.default\">\n\t\t\t\t<div class=\"elementor-widget-container\">\n\t\t\t\t\t\t\t\t\t<h4>La promoci\u00f3n de intercambios entre m\u00fasicos de estilos y pa\u00edses diferentes con fines de ayudar a la creaci\u00f3n<\/h4><p style=\"text-align: justify;\">MusiXpand promueve los contactos y encuentros entre m\u00fasicos de estilos musicales y\/o pa\u00edses diferentes, con un esp\u00edritu de intercambio y de creatividad, apoyando la formaci\u00f3n de nuevas alianzas art\u00edsticas, o la emergencia de nuevos grupos musicales y surgimiento de nuevos repertorios. Se hace favoreciendo siempre la calidad de las relaciones interpersonales entre m\u00fasicos y cantantes, autores y compositores, y la calidad de la producci\u00f3n musical.<\/p><p style=\"text-align: justify;\">Para facilitar estos intercambios la c\u00fapula de la asociaci\u00f3n ha creado un espacio de encuentro virtual creativo mediante la plataforma internacional <a href=\"https:\/\/mobius-sounds-project.musixpand.org\/\" target=\"_blank\" rel=\"noopener noreferrer\">M\u00f6bius\u00a0Sounds\u00a0Project<\/a> que permite a los m\u00fasicos interesados intercambiar f\u00e1cilmente, compartir ideas, proyectos musicales, buscar otros m\u00fasicos sea para actuar o para grabar un disco, etc\u00e9tera.<\/p><p style=\"text-align: justify;\">Para m\u00e1s detalles sobre la asociaci\u00f3n les invitamos a visitar su sitio Web: <a href=\"https:\/\/www.musixpand.org\" target=\"_blank\" rel=\"noopener noreferrer\">https:\/\/www.musixpand.org<\/a>.<\/p>\t\t\t\t\t\t\t\t<\/div>\n\t\t\t\t<\/div>\n\t\t\t\t\t<\/div>\n\t\t<\/div>\n\t\t\t\t<div class=\"elementor-column elementor-col-50 elementor-top-column elementor-element elementor-element-1f27a8d\" data-id=\"1f27a8d\" data-element_type=\"column\">\n\t\t\t<div class=\"elementor-widget-wrap elementor-element-populated\">\n\t\t\t\t\t\t<div class=\"elementor-element elementor-element-cb259f5 elementor-invisible elementor-widget elementor-widget-text-editor\" data-id=\"cb259f5\" data-element_type=\"widget\" data-settings=\"{&quot;_animation&quot;:&quot;fadeInUp&quot;}\" data-widget_type=\"text-editor.default\">\n\t\t\t\t<div class=\"elementor-widget-container\">\n\t\t\t\t\t\t\t\t\t<h4>Un convenio con una micro-empresa gestora de artistas<\/h4><p style=\"text-align: justify;\">Por otro lado, MusiXpand siendo una asociaci\u00f3n sin fines de lucro y por lo tanto no puede legalmente gestionar conciertos y giras (es el oficio de los agentes art\u00edstico y productores), firm\u00f3 un convenio con la micro-empresa \u201cIngrid Kuschick &#8211; Artistic Management\u201d. Ver los detalles en la siguiente p\u00e1gina: <a href=\"https:\/\/blog.musixpand.org\/?page_id=747\" target=\"_blank\" rel=\"noopener noreferrer\">Ingrid Kuschick \u2022 Artistic Management &amp; Consulting<\/a>. Esa gestora, con apoyo log\u00edstico de la asociaci\u00f3n, gestiona la estancia de los artistas cuando es necesario y la organizaci\u00f3n de los espect\u00e1culos en colaboraci\u00f3n con los responsables de las entidades concernidas. Estas entidades pueden ser de naturalezas distintas y de diferentes tama\u00f1os: festivales, fiestas de verano u otros per\u00edodos del a\u00f1o, teatros, salas de espect\u00e1culos y conciertos, pero tambi\u00e9n caf\u00e9s-teatros, \u201cpubs\u201d, caf\u00e9s cantantes, restaurantes espect\u00e1culos, etc\u00e9tera.<\/p><p style=\"text-align: justify;\">\u00a0<\/p>\t\t\t\t\t\t\t\t<\/div>\n\t\t\t\t<\/div>\n\t\t\t\t\t<\/div>\n\t\t<\/div>\n\t\t\t\t\t<\/div>\n\t\t<\/section>\n\t\t\t\t<\/div>\n\t\t","protected":false},"excerpt":{"rendered":"<p>MusiXpand es una asociaci\u00f3n que crearon en 2014 m\u00fasicos de Berango, Bizkaia (Comunidad Aut\u00f3noma Vasca, territorio espa\u00f1ol). Se ha creado en respuesta a varias constataciones: la crisis econ\u00f3mica y sus corolarios cuyos principales fueron la restricci\u00f3n de los presupuestos p\u00fablicos dedicados a la cultura en el conjunto de Europa y la desaparici\u00f3n de numerosos lugares de conciertos y otros espect\u00e1culos.<\/p>\n","protected":false},"author":1,"featured_media":115,"parent":0,"menu_order":1,"comment_status":"closed","ping_status":"closed","template":"elementor_header_footer","meta":{"footnotes":""},"class_list":["post-405","page","type-page","status-publish","has-post-thumbnail","hentry"],"_links":{"self":[{"href":"https:\/\/blog.musixpand.org\/index.php?rest_route=\/wp\/v2\/pages\/405","targetHints":{"allow":["GET"]}}],"collection":[{"href":"https:\/\/blog.musixpand.org\/index.php?rest_route=\/wp\/v2\/pages"}],"about":[{"href":"https:\/\/blog.musixpand.org\/index.php?rest_route=\/wp\/v2\/types\/page"}],"author":[{"embeddable":true,"href":"https:\/\/blog.musixpand.org\/index.php?rest_route=\/wp\/v2\/users\/1"}],"replies":[{"embeddable":true,"href":"https:\/\/blog.musixpand.org\/index.php?rest_route=%2Fwp%2Fv2%2Fcomments&post=405"}],"version-history":[{"count":13,"href":"https:\/\/blog.musixpand.org\/index.php?rest_route=\/wp\/v2\/pages\/405\/revisions"}],"predecessor-version":[{"id":775,"href":"https:\/\/blog.musixpand.org\/index.php?rest_route=\/wp\/v2\/pages\/405\/revisions\/775"}],"wp:featuredmedia":[{"embeddable":true,"href":"https:\/\/blog.musixpand.org\/index.php?rest_route=\/wp\/v2\/media\/115"}],"wp:attachment":[{"href":"https:\/\/blog.musixpand.org\/index.php?rest_route=%2Fwp%2Fv2%2Fmedia&parent=405"}],"curies":[{"name":"wp","href":"https:\/\/api.w.org\/{rel}","templated":true}]}}